{"id":37516,"date":"2022-03-14T11:12:52","date_gmt":"2022-03-14T10:12:52","guid":{"rendered":"https:\/\/www.ukrainianrefugees.no\/?page_id=37516"},"modified":"2024-02-01T14:38:24","modified_gmt":"2024-02-01T13:38:24","slug":"hva-slags-rettigheter-har-jeg-i-norge","status":"publish","type":"page","link":"https:\/\/www.ukrainianrefugees.no\/nb\/hva-slags-rettigheter-har-jeg-i-norge\/","title":{"rendered":"Hva slags rettigheter har jeg i Norge?"},"content":{"rendered":"<p>[vc_row row_content_width=&raquo;grid&raquo; css=&raquo;.vc_custom_1647369390114{padding-top: 60px !important;padding-bottom: 60px !important;}&raquo;][vc_column width=&raquo;1\/2&#8243;]<div class=\"eltdf-accordion-holder eltdf-ac-default  eltdf-toggle eltdf-ac-boxed  clearfix\">\n\t<h6 class=\"eltdf-accordion-title\">\n    <span class=\"eltdf-accordion-mark\">\n\t\t<span class=\"eltdf_icon_plus icon_plus\"><\/span>\n\t\t<span class=\"eltdf_icon_minus icon_minus-06\"><\/span>\n\t<\/span>\n\t<span class=\"eltdf-tab-title\">Tilbud om bosted<\/span>\n<\/h6>\n<div class=\"eltdf-accordion-content\">\n\t<div class=\"eltdf-accordion-content-inner\">\n\t\t[vc_column_text]<\/p>\n<ul>\n<li>Som asyls\u00f8ker har man rett til tilbud om \u00e5 bo i asylmottak. Det finnes asylmottak over hele Norge, og myndighetene har ansvar for at alle skal ha et sted \u00e5 bo mens de venter p\u00e5 oppholdstillatelse.<\/li>\n<li>Du kan trolig ikke velge fritt hvor du f\u00e5r tilbud om bosted fordi det er avhengig av kapasiteten p\u00e5 de ulike stedene. Men om du har tilknytting til et bestemt sted fordi du for eksempel har slekt, venner eller en jobbmulighet der, kan det kanskje legges til rette for det.<\/li>\n<\/ul>\n<p>[\/vc_column_text]\t<\/div>\n<\/div><h6 class=\"eltdf-accordion-title\">\n    <span class=\"eltdf-accordion-mark\">\n\t\t<span class=\"eltdf_icon_plus icon_plus\"><\/span>\n\t\t<span class=\"eltdf_icon_minus icon_minus-06\"><\/span>\n\t<\/span>\n\t<span class=\"eltdf-tab-title\">\u00d8konomisk st\u00f8tte<\/span>\n<\/h6>\n<div class=\"eltdf-accordion-content\">\n\t<div class=\"eltdf-accordion-content-inner\">\n\t\t[vc_column_text]<\/p>\n<ul>\n<li>Som asyls\u00f8ker f\u00e5r du penger til \u00e5 kj\u00f8pe mat og n\u00f8dvendighetsartikler. N\u00e5r man f\u00e5r bosted i en kommune, vil man f\u00e5 \u00f8konomisk st\u00f8tte fra lokal administrasjon inntil man blir i stand til \u00e5 fors\u00f8rge seg selv.<\/li>\n<\/ul>\n<p>[\/vc_column_text]\t<\/div>\n<\/div><h6 class=\"eltdf-accordion-title\">\n    <span class=\"eltdf-accordion-mark\">\n\t\t<span class=\"eltdf_icon_plus icon_plus\"><\/span>\n\t\t<span class=\"eltdf_icon_minus icon_minus-06\"><\/span>\n\t<\/span>\n\t<span class=\"eltdf-tab-title\">Helsetjenester<\/span>\n<\/h6>\n<div class=\"eltdf-accordion-content\">\n\t<div class=\"eltdf-accordion-content-inner\">\n\t\t[vc_column_text]<\/p>\n<ul>\n<li>Barn opp til 16 \u00e5r har rett til gratis helsehjelp, mens voksne betaler en del av kostnadene ved legebes\u00f8k og medisiner.<\/li>\n<li>Behandling p\u00e5 sykehus er gratis, men du m\u00e5 betale en egenandel p\u00e5 lik linje med andre som bor i Norge.<\/li>\n<li>Tannlege m\u00e5 en vanligvis betale for selv.<\/li>\n<li>Under registrering hos politiet f\u00e5r du et <a href=\"https:\/\/www.udi.no\/ord-og-begreper\/d-nummer\/\">D-nummer<\/a>, som brukes ved m\u00f8ter med helsetjenesten, inntil du f\u00e5r et vanlig <a href=\"https:\/\/www.udi.no\/ord-og-begreper\/personnummer\/\">personnummer.\u00a0<\/a><\/li>\n<\/ul>\n<p>[\/vc_column_text]\t<\/div>\n<\/div><h6 class=\"eltdf-accordion-title\">\n    <span class=\"eltdf-accordion-mark\">\n\t\t<span class=\"eltdf_icon_plus icon_plus\"><\/span>\n\t\t<span class=\"eltdf_icon_minus icon_minus-06\"><\/span>\n\t<\/span>\n\t<span class=\"eltdf-tab-title\">Advokat<\/span>\n<\/h6>\n<div class=\"eltdf-accordion-content\">\n\t<div class=\"eltdf-accordion-content-inner\">\n\t\t[vc_column_text]<\/p>\n<ul>\n<li>\n<p style=\"font-weight: 400;\">Dersom UDI mener du ikke oppfyller kriteriene for kollektiv beskyttelse, blir det automatisk opprettet en ny asylsak der s\u00f8knaden gis en individuell vurdering. Dersom du ikke \u00f8nsker at s\u00f8knaden behandles som en individuell asylsak, m\u00e5 du melde fra om dette til UDI. UDI vil gi informasjon om hvordan du g\u00e5r fram.<\/p>\n<\/li>\n<li>\n<p style=\"font-weight: 400;\">Den som har en individuell asylsak til behandling i Norge, og f\u00e5r avslag fra UDI, vil f\u00e5 oppnevnt en advokat som skriver en klage p\u00e5 vedtaket. Utgiftene til dette dekkes av norske myndigheter.<\/p>\n<\/li>\n<li>\n<p style=\"font-weight: 400;\">Ogs\u00e5 hvis du har en <u>Dublin-sak<\/u>, og f\u00e5r et vedtak der du henvises til et annet land, vil du ha rett til \u00e5 klage. Du vil ogs\u00e5 her f\u00e5 dekket bistand fra en advokat, som blir oppnevnt etter vedtaket.<\/p>\n<\/li>\n<\/ul>\n<p><span style=\"font-style: inherit; font-weight: inherit;\">\u00a0<\/span>[\/vc_column_text]\t<\/div>\n<\/div><\/div>[vc_empty_space height=&raquo;15px&raquo;][\/vc_column][vc_column width=&raquo;1\/2&#8243;]<div class=\"eltdf-accordion-holder eltdf-ac-default  eltdf-toggle eltdf-ac-boxed  clearfix\">\n\t<h6 class=\"eltdf-accordion-title\">\n    <span class=\"eltdf-accordion-mark\">\n\t\t<span class=\"eltdf_icon_plus icon_plus\"><\/span>\n\t\t<span class=\"eltdf_icon_minus icon_minus-06\"><\/span>\n\t<\/span>\n\t<span class=\"eltdf-tab-title\">Introduksjonsprogram<\/span>\n<\/h6>\n<div class=\"eltdf-accordion-content\">\n\t<div class=\"eltdf-accordion-content-inner\">\n\t\t[vc_column_text]<\/p>\n<ul>\n<li>Introduksjonsprogrammet er en rett,\u00a0men ikke en plikt for ukrainere som har f\u00e5tt kollektiv beskyttelse i alderen 18-55 \u00e5r.<\/li>\n<li>Om du er flyktning fra Ukraina i alderen 55-67, kan du likevel f\u00e5 tilbud om \u00e5 delta i programmet fra kommunen du er bosatt i.<\/li>\n<li>For \u00e5 ha rett p\u00e5 Introduksjonsprogrammet, m\u00e5 du ha bodd i kommunen i mindre enn to \u00e5r.<\/li>\n<li>Personer med kollektiv beskyttelse som har avbrutt eller avvist deltakelse p\u00e5 grunn av arbeid, har ogs\u00e5 rett til Introduksjonsprogram. For eksempel hvis du har en arbeidskontrakt p\u00e5 fem m\u00e5neder og st\u00e5r uten ny jobb etter det, kan du likevel delta i programmet. Det samme gjelder hvis du allerede har startet i jobb, men innser at norskkunnskapene dine ikke er tilstrekkelige. Da kan du ogs\u00e5 delta i Introduksjonsprogrammet.<\/li>\n<li>For \u00e5 ha rett p\u00e5 st\u00f8tte fra NAV, m\u00e5 du delta i Introduksjonsprogrammet. Det betyr at du ikke kan avsl\u00e5 tilbud om \u00e5 delta i Introduksjonsprogrammet, og heller s\u00f8ke om sosialhjelp eller andre st\u00f8nader hos NAV. Da vil s\u00f8knaden bli avvist og du blir henvist til Introduksjonsprogrammet.<\/li>\n<\/ul>\n<p>[\/vc_column_text]\t<\/div>\n<\/div><h6 class=\"eltdf-accordion-title\">\n    <span class=\"eltdf-accordion-mark\">\n\t\t<span class=\"eltdf_icon_plus icon_plus\"><\/span>\n\t\t<span class=\"eltdf_icon_minus icon_minus-06\"><\/span>\n\t<\/span>\n\t<span class=\"eltdf-tab-title\">Kompetansekartlegging og karriereveiledning<\/span>\n<\/h6>\n<div class=\"eltdf-accordion-content\">\n\t<div class=\"eltdf-accordion-content-inner\">\n\t\t[vc_column_text]<\/p>\n<ul>\n<li>Ukrainere med kollektiv beskyttelse har rett, men ikke plikt p\u00e5 <a href=\"https:\/\/introduksjonsprogrammet.imdi.no\/introduksjonsprogram-for-flyktninger-fra--ukraina\/kompetansekartlegging-og-karriereveiledning\/\">kompetansekartlegging<\/a>. For \u00e5 bli tilbudt dette, m\u00e5 du ha f\u00e5tt vedtak om bosetting.<\/li>\n<li>Ukrainere med kollektiv beskyttelse har ogs\u00e5 rett p\u00e5 <a href=\"https:\/\/introduksjonsprogrammet.imdi.no\/introduksjonsprogram-for-flyktninger-fra--ukraina\/kompetansekartlegging-og-karriereveiledning\/\">karriereveiledning<\/a> basert p\u00e5 kompetansekartleggingen. Det er kommunen som avgj\u00f8r n\u00e5r karriereveiledningen skal foretas.<\/li>\n<li>Du finner informasjon om introduksjonsprogrammet p\u00e5\u00a0<a href=\"https:\/\/www.imdi.no\/ukraina\/om-opplaring-og-introduksjonsprogram\/?fbclid=IwAR1Fgp9lugDlIa7VauYfYaIImZIkVbPKhyTL9a4v1HZyP0PDpg8nJOpu43k\">IMDi sine nettsider. <\/a><a href=\"https:\/\/www.ukrainianrefugees.no\/flyktningtjenesten\">Flyktnintjenesten<\/a>\u00a0i din kommune har ansvar for\u00a0<a href=\"https:\/\/www.imdi.no\/globalassets\/illustrasjoner\/ukraina\/information-about-norwegian-society-2022-eng-160522.pdf\">Introduksjonsprogrammet<\/a>.<\/li>\n<\/ul>\n<p>[\/vc_column_text]\t<\/div>\n<\/div><h6 class=\"eltdf-accordion-title\">\n    <span class=\"eltdf-accordion-mark\">\n\t\t<span class=\"eltdf_icon_plus icon_plus\"><\/span>\n\t\t<span class=\"eltdf_icon_minus icon_minus-06\"><\/span>\n\t<\/span>\n\t<span class=\"eltdf-tab-title\">Barnehage, skole og jobb<\/span>\n<\/h6>\n<div class=\"eltdf-accordion-content\">\n\t<div class=\"eltdf-accordion-content-inner\">\n\t\t[vc_column_text]<\/p>\n<ul>\n<li><span data-contrast=\"none\">N\u00e5r du har f\u00e5tt kollektiv beskyttelse, har du rett til \u00e5 jobbe i Norge. <\/span><\/li>\n<li><span data-contrast=\"none\">Barna dine har rett til barnehageplass og skolegang.\u00a0<\/span><\/li>\n<\/ul>\n<p>[\/vc_column_text]\t<\/div>\n<\/div><h6 class=\"eltdf-accordion-title\">\n    <span class=\"eltdf-accordion-mark\">\n\t\t<span class=\"eltdf_icon_plus icon_plus\"><\/span>\n\t\t<span class=\"eltdf_icon_minus icon_minus-06\"><\/span>\n\t<\/span>\n\t<span class=\"eltdf-tab-title\">Ukrainsk f\u00f8rerkort, fortolling av biler<\/span>\n<\/h6>\n<div class=\"eltdf-accordion-content\">\n\t<div class=\"eltdf-accordion-content-inner\">\n\t\t[vc_column_text]<\/p>\n<div class=\"cxmmr5t8 oygrvhab hcukyx3x c1et5uql o9v6fnle ii04i59q\">\n<ul>\n<li>Ukrainske f\u00f8rerkort klasse B er gyldig for kj\u00f8ring s\u00e5 lenge personer som er fordrevet fra Ukraina, er under midlertidig kollektiv beskyttelse i Norge. N\u00e5r type av oppholdstillatelse endres, m\u00e5 du ta eksamen p\u00e5 nytt som best\u00e5r av en teoripr\u00f8ve og oppkj\u00f8ring hos Statens vegvesen. Du kan lese mer om vilk\u00e5rene for <a href=\"https:\/\/www.vegvesen.no\/forerkort\/har-forerkort\/forerkort-i-og-utenfor-norge\/bruk-av-forerkort-fra-land-utenfor-eu-eos-i-norge\/forerkort-fra-ukraina\/?lang=nb\">f\u00f8rerkortet p\u00e5 siden til Statens vegvesen<\/a>.<\/li>\n<li dir=\"auto\">I perioden med den midlertidige oppholdstillatelsen, er det tillatt \u00e5 bruke en bil med utenlandsk registrering uten fortolling eller betaling av lokale avgifter. Du kan lese mer om st\u00f8rrelsen p\u00e5 de <a href=\"https:\/\/www.skatteetaten.no\/en\/person\/duties\/cars-and-other-vehicles\/foreign-registered-vehicle\/?6920=8153&amp;fbclid=IwAR1OkDBLJqNSR130oXUo3JYeMqzDWGMXMrgBy9GVba3lcOBiOwKJOxU2JVg\">ulike gebyrene p\u00e5 Skatteetatens nettsider.<\/a><\/li>\n<li dir=\"auto\">Husk at kj\u00f8ret\u00f8yet skal alltid ha en gyldig forsikring.<\/li>\n<\/ul>\n<\/div>\n<p>[\/vc_column_text]\t<\/div>\n<\/div><\/div>[\/vc_column][\/vc_row]<\/p>\n","protected":false},"excerpt":{"rendered":"<p>[vc_row row_content_width=&raquo;grid&raquo; css=&raquo;.vc_custom_1647369390114{padding-top: 60px !important;padding-bottom: 60px !important;}&raquo;][vc_column width=&raquo;1\/2&#8243;][vc_empty_space height=&raquo;15px&raquo;][\/vc_column][vc_column width=&raquo;1\/2&#8243;][\/vc_column][\/vc_row]<\/p>\n","protected":false},"author":13,"featured_media":32262,"parent":0,"menu_order":0,"comment_status":"closed","ping_status":"closed","template":"full-width.php","meta":{"inline_featured_image":false},"_links":{"self":[{"href":"https:\/\/www.ukrainianrefugees.no\/nb\/wp-json\/wp\/v2\/pages\/37516"}],"collection":[{"href":"https:\/\/www.ukrainianrefugees.no\/nb\/wp-json\/wp\/v2\/pages"}],"about":[{"href":"https:\/\/www.ukrainianrefugees.no\/nb\/wp-json\/wp\/v2\/types\/page"}],"author":[{"embeddable":true,"href":"https:\/\/www.ukrainianrefugees.no\/nb\/wp-json\/wp\/v2\/users\/13"}],"replies":[{"embeddable":true,"href":"https:\/\/www.ukrainianrefugees.no\/nb\/wp-json\/wp\/v2\/comments?post=37516"}],"version-history":[{"count":50,"href":"https:\/\/www.ukrainianrefugees.no\/nb\/wp-json\/wp\/v2\/pages\/37516\/revisions"}],"predecessor-version":[{"id":40380,"href":"https:\/\/www.ukrainianrefugees.no\/nb\/wp-json\/wp\/v2\/pages\/37516\/revisions\/40380"}],"wp:featuredmedia":[{"embeddable":true,"href":"https:\/\/www.ukrainianrefugees.no\/nb\/wp-json\/"}],"wp:attachment":[{"href":"https:\/\/www.ukrainianrefugees.no\/nb\/wp-json\/wp\/v2\/media?parent=37516"}],"curies":[{"name":"wp","href":"https:\/\/api.w.org\/{rel}","templated":true}]}}